{"id":2498,"date":"2024-10-17T21:02:03","date_gmt":"2024-10-17T19:02:03","guid":{"rendered":"https:\/\/mf-technology.com\/?page_id=2498"},"modified":"2025-02-13T11:43:40","modified_gmt":"2025-02-13T10:43:40","slug":"mft-signe-une-convention-strategique-avec-le-ministere-de-lindustrie-et-du-commerce-du-maroc","status":"publish","type":"page","link":"https:\/\/mf-technology.com\/es\/mft-signe-une-convention-strategique-avec-le-ministere-de-lindustrie-et-du-commerce-du-maroc\/","title":{"rendered":"MFT firma un acuerdo estrat\u00e9gico con el Ministerio de Industria y Comercio de Marruecos"},"content":{"rendered":"<div data-elementor-type=\"wp-post\" data-elementor-id=\"2498\" class=\"elementor elementor-2498\" data-elementor-post-type=\"page\">\n\t\t\t\t<div class=\"elementor-element elementor-element-885f444 e-flex e-con-boxed e-con e-parent\" data-id=\"885f444\" data-element_type=\"container\" data-e-type=\"container\" data-settings=\"{&quot;background_background&quot;:&quot;classic&quot;}\">\n\t\t\t\t\t<div class=\"e-con-inner\">\n\t\t<div class=\"elementor-element elementor-element-a2df786 e-flex e-con-boxed e-con e-child\" data-id=\"a2df786\" data-element_type=\"container\" data-e-type=\"container\">\n\t\t\t\t\t<div class=\"e-con-inner\">\n\t\t\t\t\t<\/div>\n\t\t\t\t<\/div>\n\t\t<div class=\"elementor-element elementor-element-9bcc6db e-flex e-con-boxed e-con e-child\" data-id=\"9bcc6db\" data-element_type=\"container\" data-e-type=\"container\">\n\t\t\t\t\t<div class=\"e-con-inner\">\n\t\t\t\t<div class=\"elementor-element elementor-element-bc38bad elementor-widget elementor-widget-spacer\" data-id=\"bc38bad\" data-element_type=\"widget\" data-e-type=\"widget\" data-widget_type=\"spacer.default\">\n\t\t\t\t<div class=\"elementor-widget-container\">\n\t\t\t\t\t\t\t<div class=\"elementor-spacer\">\n\t\t\t<div class=\"elementor-spacer-inner\"><\/div>\n\t\t<\/div>\n\t\t\t\t\t\t<\/div>\n\t\t\t\t<\/div>\n\t\t\t\t\t<\/div>\n\t\t\t\t<\/div>\n\t\t\t\t\t<\/div>\n\t\t\t\t<\/div>\n\t\t<div class=\"elementor-element elementor-element-969a969 e-flex e-con-boxed e-con e-parent\" data-id=\"969a969\" data-element_type=\"container\" data-e-type=\"container\">\n\t\t\t\t\t<div class=\"e-con-inner\">\n\t\t\t\t<div class=\"elementor-element elementor-element-3aaa472 elementor-widget elementor-widget-iheading\" data-id=\"3aaa472\" data-element_type=\"widget\" data-e-type=\"widget\" data-widget_type=\"iheading.default\">\n\t\t\t\t<div class=\"elementor-widget-container\">\n\t\t\t\t\t\t\t<div class=\"section-head\">\r\n\t        \t        <h2 class=\"section-title\">MFT signe une convention strat\u00e9gique avec le minist\u00e8re de l'Industrie et du Commerce du Maroc <span class=\"text-primary\"><\/span><\/h2>\r\n\t        \t    <\/div>\r\n\t    \t\t\t\t<\/div>\n\t\t\t\t<\/div>\n\t\t\t\t\t<\/div>\n\t\t\t\t<\/div>\n\t\t\t\t<section class=\"elementor-section elementor-top-section elementor-element elementor-element-4eb1d62 elementor-section-boxed elementor-section-height-default elementor-section-height-default\" data-id=\"4eb1d62\" data-element_type=\"section\" data-e-type=\"section\">\n\t\t\t\t\t\t<div class=\"elementor-container elementor-column-gap-extended\">\n\t\t\t\t\t<div class=\"elementor-column elementor-col-33 elementor-top-column elementor-element elementor-element-c7cf5c7\" data-id=\"c7cf5c7\" data-element_type=\"column\" data-e-type=\"column\">\n\t\t\t<div class=\"elementor-widget-wrap elementor-element-populated\">\n\t\t\t\t\t\t<div class=\"elementor-element elementor-element-4ea1332 elementor-widget elementor-widget-text-editor\" data-id=\"4ea1332\" data-element_type=\"widget\" data-e-type=\"widget\" data-widget_type=\"text-editor.default\">\n\t\t\t\t<div class=\"elementor-widget-container\">\n\t\t\t\t\t\t\t\t\t<p>Le 16 octobre 2024, lors de la Journ\u00e9e Nationale de l&rsquo;Industrie, organis\u00e9e \u00e0 l&rsquo;Universit\u00e9 Mohammed VI Polytechnique (UM6P) \u00e0 Bengu\u00e9rir, la soci\u00e9t\u00e9 Moroccan Fruit Technology (MFT) a marqu\u00e9 un tournant d\u00e9cisif en signant une convention avec le minist\u00e8re de l&rsquo;Industrie et du Commerce du Maroc. Cet accord s\u2019inscrit dans le cadre du programme \u00ab Tatwir R&amp;D \u00bb, un programme national de soutien \u00e0 la recherche et au d\u00e9veloppement industriel.<\/p>\t\t\t\t\t\t\t\t<\/div>\n\t\t\t\t<\/div>\n\t\t\t\t\t<\/div>\n\t\t<\/div>\n\t\t\t\t<div class=\"elementor-column elementor-col-33 elementor-top-column elementor-element elementor-element-ad448db elementor-hidden-tablet elementor-hidden-phone\" data-id=\"ad448db\" data-element_type=\"column\" data-e-type=\"column\">\n\t\t\t<div class=\"elementor-widget-wrap\">\n\t\t\t\t\t\t\t<\/div>\n\t\t<\/div>\n\t\t\t\t<div class=\"elementor-column elementor-col-33 elementor-top-column elementor-element elementor-element-2223052\" data-id=\"2223052\" data-element_type=\"column\" data-e-type=\"column\">\n\t\t\t<div class=\"elementor-widget-wrap elementor-element-populated\">\n\t\t\t\t\t\t<div class=\"elementor-element elementor-element-c044a71 elementor-widget elementor-widget-image\" data-id=\"c044a71\" data-element_type=\"widget\" data-e-type=\"widget\" data-widget_type=\"image.default\">\n\t\t\t\t<div class=\"elementor-widget-container\">\n\t\t\t\t\t\t\t\t\t\t\t\t\t\t\t<img fetchpriority=\"high\" decoding=\"async\" width=\"1600\" height=\"1066\" src=\"https:\/\/mf-technology.com\/wp-content\/uploads\/2024\/10\/2.jpg\" class=\"attachment-full size-full wp-image-2503\" alt=\"\" srcset=\"https:\/\/mf-technology.com\/wp-content\/uploads\/2024\/10\/2.jpg 1600w, https:\/\/mf-technology.com\/wp-content\/uploads\/2024\/10\/2-300x200.jpg 300w, https:\/\/mf-technology.com\/wp-content\/uploads\/2024\/10\/2-1024x682.jpg 1024w, https:\/\/mf-technology.com\/wp-content\/uploads\/2024\/10\/2-768x512.jpg 768w, https:\/\/mf-technology.com\/wp-content\/uploads\/2024\/10\/2-1536x1023.jpg 1536w\" sizes=\"(max-width: 1600px) 100vw, 1600px\" \/>\t\t\t\t\t\t\t\t\t\t\t\t\t\t\t<\/div>\n\t\t\t\t<\/div>\n\t\t\t\t\t<\/div>\n\t\t<\/div>\n\t\t\t\t\t<\/div>\n\t\t<\/section>\n\t\t\t\t<section class=\"elementor-section elementor-top-section elementor-element elementor-element-dcdc514 elementor-section-content-middle elementor-section-boxed elementor-section-height-default elementor-section-height-default\" data-id=\"dcdc514\" data-element_type=\"section\" data-e-type=\"section\" data-settings=\"{&quot;background_background&quot;:&quot;classic&quot;}\">\n\t\t\t\t\t\t<div class=\"elementor-container elementor-column-gap-extended\">\n\t\t\t\t\t<div class=\"elementor-column elementor-col-50 elementor-top-column elementor-element elementor-element-1551679\" data-id=\"1551679\" data-element_type=\"column\" data-e-type=\"column\">\n\t\t\t<div class=\"elementor-widget-wrap elementor-element-populated\">\n\t\t\t\t\t\t<div class=\"elementor-element elementor-element-99c4b56 elementor-widget elementor-widget-heading\" data-id=\"99c4b56\" data-element_type=\"widget\" data-e-type=\"widget\" data-widget_type=\"heading.default\">\n\t\t\t\t<div class=\"elementor-widget-container\">\n\t\t\t\t\t<h4 class=\"elementor-heading-title elementor-size-default\">Une reconnaissance de taille\n<\/h4>\t\t\t\t<\/div>\n\t\t\t\t<\/div>\n\t\t\t\t<div class=\"elementor-element elementor-element-780feb9 elementor-widget elementor-widget-text-editor\" data-id=\"780feb9\" data-element_type=\"widget\" data-e-type=\"widget\" data-widget_type=\"text-editor.default\">\n\t\t\t\t<div class=\"elementor-widget-container\">\n\t\t\t\t\t\t\t\t\t<p>MFT, reconnue pour son expertise dans la fabrication de machines agroalimentaires innovantes, fait d\u00e9sormais partie des rares entreprises marocaines \u00e0 avoir gagn\u00e9 la confiance du gouvernement. Cette distinction est le fruit d\u2019ann\u00e9es d&rsquo;efforts continus en mati\u00e8re de recherche et de d\u00e9veloppement, notamment autour du projet phare de l\u2019entreprise : la \u00ab Calibreuse ASTAY\u00bb. Ce dispositif innovant permet de trier les fruits de mani\u00e8re pr\u00e9cise en fonction de leur poids, r\u00e9pondant ainsi aux exigences de l&rsquo;industrie agroalimentaire nationale et internationale.<\/p>\t\t\t\t\t\t\t\t<\/div>\n\t\t\t\t<\/div>\n\t\t\t\t<div class=\"elementor-element elementor-element-9ea8b05 elementor-widget elementor-widget-image\" data-id=\"9ea8b05\" data-element_type=\"widget\" data-e-type=\"widget\" data-widget_type=\"image.default\">\n\t\t\t\t<div class=\"elementor-widget-container\">\n\t\t\t\t\t\t\t\t\t\t\t\t\t\t\t<img decoding=\"async\" src=\"https:\/\/mf-technology.com\/wp-content\/uploads\/2024\/03\/IMG_0046-scaled.jpg\" title=\"IMG_0046\" alt=\"IMG_0046\" loading=\"lazy\" \/>\t\t\t\t\t\t\t\t\t\t\t\t\t\t\t<\/div>\n\t\t\t\t<\/div>\n\t\t\t\t\t<\/div>\n\t\t<\/div>\n\t\t\t\t<div class=\"elementor-column elementor-col-50 elementor-top-column elementor-element elementor-element-84b698f\" data-id=\"84b698f\" data-element_type=\"column\" data-e-type=\"column\">\n\t\t\t<div class=\"elementor-widget-wrap elementor-element-populated\">\n\t\t\t\t\t\t<div class=\"elementor-element elementor-element-9e01c3c elementor-widget elementor-widget-image\" data-id=\"9e01c3c\" data-element_type=\"widget\" data-e-type=\"widget\" data-widget_type=\"image.default\">\n\t\t\t\t<div class=\"elementor-widget-container\">\n\t\t\t\t\t\t\t\t\t\t\t\t\t\t\t<img decoding=\"async\" width=\"640\" height=\"554\" src=\"https:\/\/mf-technology.com\/wp-content\/uploads\/2024\/10\/ASTAY-1024x887.png\" class=\"attachment-large size-large wp-image-2293\" alt=\"\" srcset=\"https:\/\/mf-technology.com\/wp-content\/uploads\/2024\/10\/ASTAY-1024x887.png 1024w, https:\/\/mf-technology.com\/wp-content\/uploads\/2024\/10\/ASTAY-300x260.png 300w, https:\/\/mf-technology.com\/wp-content\/uploads\/2024\/10\/ASTAY-768x666.png 768w, https:\/\/mf-technology.com\/wp-content\/uploads\/2024\/10\/ASTAY.png 1500w\" sizes=\"(max-width: 640px) 100vw, 640px\" \/>\t\t\t\t\t\t\t\t\t\t\t\t\t\t\t<\/div>\n\t\t\t\t<\/div>\n\t\t\t\t\t<\/div>\n\t\t<\/div>\n\t\t\t\t\t<\/div>\n\t\t<\/section>\n\t\t\t\t<section class=\"elementor-section elementor-top-section elementor-element elementor-element-2ba0657 elementor-section-boxed elementor-section-height-default elementor-section-height-default\" data-id=\"2ba0657\" data-element_type=\"section\" data-e-type=\"section\">\n\t\t\t\t\t\t<div class=\"elementor-container elementor-column-gap-extended\">\n\t\t\t\t\t<div class=\"elementor-column elementor-col-33 elementor-top-column elementor-element elementor-element-6cc3f46\" data-id=\"6cc3f46\" data-element_type=\"column\" data-e-type=\"column\">\n\t\t\t<div class=\"elementor-widget-wrap elementor-element-populated\">\n\t\t\t\t\t\t<div class=\"elementor-element elementor-element-ce6da16 elementor-widget elementor-widget-heading\" data-id=\"ce6da16\" data-element_type=\"widget\" data-e-type=\"widget\" data-widget_type=\"heading.default\">\n\t\t\t\t<div class=\"elementor-widget-container\">\n\t\t\t\t\t<h4 class=\"elementor-heading-title elementor-size-default\">Un engagement pour l'avenir<\/h4>\t\t\t\t<\/div>\n\t\t\t\t<\/div>\n\t\t\t\t<div class=\"elementor-element elementor-element-099b52e elementor-widget elementor-widget-text-editor\" data-id=\"099b52e\" data-element_type=\"widget\" data-e-type=\"widget\" data-widget_type=\"text-editor.default\">\n\t\t\t\t<div class=\"elementor-widget-container\">\n\t\t\t\t\t\t\t\t\t<p>La signature de cette convention est une preuve tangible de la confiance accord\u00e9e par le gouvernement marocain \u00e0 MFT et \u00e0 son potentiel technologique. Le projet \u00ab\u00a0Calibreuse pond\u00e9rale\u00a0\u00bb s\u2019inscrit pleinement dans les objectifs du programme \u00ab Tatwir R&amp;D \u00bb, qui vise \u00e0 stimuler l&rsquo;innovation industrielle au Maroc. Ce partenariat ouvre de nouvelles perspectives de d\u00e9veloppement pour MFT, qui ambitionne de jouer un r\u00f4le cl\u00e9 dans l&rsquo;industrialisation du secteur agroalimentaire au niveau national et \u00e0 l&rsquo;international.<\/p>\t\t\t\t\t\t\t\t<\/div>\n\t\t\t\t<\/div>\n\t\t\t\t<div class=\"elementor-element elementor-element-94b9c2f elementor-widget elementor-widget-heading\" data-id=\"94b9c2f\" data-element_type=\"widget\" data-e-type=\"widget\" data-widget_type=\"heading.default\">\n\t\t\t\t<div class=\"elementor-widget-container\">\n\t\t\t\t\t<h4 class=\"elementor-heading-title elementor-size-default\">Un partenariat strat\u00e9gique<\/h4>\t\t\t\t<\/div>\n\t\t\t\t<\/div>\n\t\t\t\t<div class=\"elementor-element elementor-element-59a8317 elementor-widget elementor-widget-text-editor\" data-id=\"59a8317\" data-element_type=\"widget\" data-e-type=\"widget\" data-widget_type=\"text-editor.default\">\n\t\t\t\t<div class=\"elementor-widget-container\">\n\t\t\t\t\t\t\t\t\t<p>\u00c0 travers cette convention, le minist\u00e8re de l&rsquo;Industrie et du Commerce met en avant le savoir-faire marocain en encourageant la production locale de machines, afin de r\u00e9duire la d\u00e9pendance vis-\u00e0-vis des importations. Ce partenariat vise \u00e0 renforcer la comp\u00e9titivit\u00e9 des stations de conditionnement marocaines, en particulier dans un contexte de crise qui touche actuellement l&rsquo;\u00e9cosyst\u00e8me des fruits et l\u00e9gumes. Gr\u00e2ce \u00e0 cette collaboration, Moroccan Fruit Technology s&rsquo;impose comme un acteur cl\u00e9 dans l&rsquo;industrialisation du secteur agroalimentaire marocain, pr\u00eat \u00e0 relever les d\u00e9fis actuels tout en contribuant \u00e0 la souverainet\u00e9 industrielle du Royaume.<\/p>\t\t\t\t\t\t\t\t<\/div>\n\t\t\t\t<\/div>\n\t\t\t\t<div class=\"elementor-element elementor-element-6023530 elementor-widget elementor-widget-image\" data-id=\"6023530\" data-element_type=\"widget\" data-e-type=\"widget\" data-widget_type=\"image.default\">\n\t\t\t\t<div class=\"elementor-widget-container\">\n\t\t\t\t\t\t\t\t\t\t\t\t\t\t\t<img decoding=\"async\" width=\"640\" height=\"426\" src=\"https:\/\/mf-technology.com\/wp-content\/uploads\/2024\/10\/3-1024x682.jpg\" class=\"attachment-large size-large wp-image-2518\" alt=\"\" srcset=\"https:\/\/mf-technology.com\/wp-content\/uploads\/2024\/10\/3-1024x682.jpg 1024w, https:\/\/mf-technology.com\/wp-content\/uploads\/2024\/10\/3-300x200.jpg 300w, https:\/\/mf-technology.com\/wp-content\/uploads\/2024\/10\/3-768x512.jpg 768w, https:\/\/mf-technology.com\/wp-content\/uploads\/2024\/10\/3-1536x1023.jpg 1536w, https:\/\/mf-technology.com\/wp-content\/uploads\/2024\/10\/3.jpg 1600w\" sizes=\"(max-width: 640px) 100vw, 640px\" \/>\t\t\t\t\t\t\t\t\t\t\t\t\t\t\t<\/div>\n\t\t\t\t<\/div>\n\t\t\t\t\t<\/div>\n\t\t<\/div>\n\t\t\t\t<div class=\"elementor-column elementor-col-33 elementor-top-column elementor-element elementor-element-ceedb8b\" data-id=\"ceedb8b\" data-element_type=\"column\" data-e-type=\"column\">\n\t\t\t<div class=\"elementor-widget-wrap\">\n\t\t\t\t\t\t\t<\/div>\n\t\t<\/div>\n\t\t\t\t<div class=\"elementor-column elementor-col-33 elementor-top-column elementor-element elementor-element-5df9be7\" data-id=\"5df9be7\" data-element_type=\"column\" data-e-type=\"column\">\n\t\t\t<div class=\"elementor-widget-wrap elementor-element-populated\">\n\t\t\t\t\t\t<div class=\"elementor-element elementor-element-06b47cf elementor-widget elementor-widget-image\" data-id=\"06b47cf\" data-element_type=\"widget\" data-e-type=\"widget\" data-widget_type=\"image.default\">\n\t\t\t\t<div class=\"elementor-widget-container\">\n\t\t\t\t\t\t\t\t\t\t\t\t\t\t\t<img loading=\"lazy\" decoding=\"async\" width=\"689\" height=\"1280\" src=\"https:\/\/mf-technology.com\/wp-content\/uploads\/2024\/10\/1.jpg\" class=\"attachment-full size-full wp-image-2517\" alt=\"\" srcset=\"https:\/\/mf-technology.com\/wp-content\/uploads\/2024\/10\/1.jpg 689w, https:\/\/mf-technology.com\/wp-content\/uploads\/2024\/10\/1-161x300.jpg 161w, https:\/\/mf-technology.com\/wp-content\/uploads\/2024\/10\/1-551x1024.jpg 551w\" sizes=\"(max-width: 689px) 100vw, 689px\" \/>\t\t\t\t\t\t\t\t\t\t\t\t\t\t\t<\/div>\n\t\t\t\t<\/div>\n\t\t\t\t\t<\/div>\n\t\t<\/div>\n\t\t\t\t\t<\/div>\n\t\t<\/section>\n\t\t\t\t<\/div>","protected":false},"excerpt":{"rendered":"<p>MFT signe une convention strat\u00e9gique avec le minist\u00e8re de l&rsquo;Industrie et du Commerce du Maroc Le 16 octobre 2024, lors de la Journ\u00e9e Nationale de l&rsquo;Industrie, organis\u00e9e \u00e0 l&rsquo;Universit\u00e9 Mohammed VI Polytechnique (UM6P) \u00e0 Bengu\u00e9rir, la soci\u00e9t\u00e9 Moroccan Fruit Technology (MFT) a marqu\u00e9 un tournant d\u00e9cisif en signant une convention avec le minist\u00e8re de l&rsquo;Industrie [&hellip;]<\/p>\n","protected":false},"author":1,"featured_media":0,"parent":0,"menu_order":0,"comment_status":"closed","ping_status":"closed","template":"","meta":{"_monsterinsights_skip_tracking":false,"_monsterinsights_sitenote_active":false,"_monsterinsights_sitenote_note":"","_monsterinsights_sitenote_category":0,"footnotes":""},"class_list":["post-2498","page","type-page","status-publish","hentry"],"_links":{"self":[{"href":"https:\/\/mf-technology.com\/es\/wp-json\/wp\/v2\/pages\/2498","targetHints":{"allow":["GET"]}}],"collection":[{"href":"https:\/\/mf-technology.com\/es\/wp-json\/wp\/v2\/pages"}],"about":[{"href":"https:\/\/mf-technology.com\/es\/wp-json\/wp\/v2\/types\/page"}],"author":[{"embeddable":true,"href":"https:\/\/mf-technology.com\/es\/wp-json\/wp\/v2\/users\/1"}],"replies":[{"embeddable":true,"href":"https:\/\/mf-technology.com\/es\/wp-json\/wp\/v2\/comments?post=2498"}],"version-history":[{"count":33,"href":"https:\/\/mf-technology.com\/es\/wp-json\/wp\/v2\/pages\/2498\/revisions"}],"predecessor-version":[{"id":2637,"href":"https:\/\/mf-technology.com\/es\/wp-json\/wp\/v2\/pages\/2498\/revisions\/2637"}],"wp:attachment":[{"href":"https:\/\/mf-technology.com\/es\/wp-json\/wp\/v2\/media?parent=2498"}],"curies":[{"name":"wp","href":"https:\/\/api.w.org\/{rel}","templated":true}]}}